{"version":"1.0","provider_name":"Helena gyermek versei-mes\u00e9i","provider_url":"https:\/\/gyermekeknek.cafeblog.hu","author_name":"Helena","author_url":"https:\/\/gyermekeknek.cafeblog.hu\/author\/Helena-2-2-2-2-2-2\/","title":"Helena: H\u00fasv\u00e9ti k\u00e9sz\u00fcl\u0151d\u00e9s...","html":"<p style=\"text-align: center\"><a href=\"https:\/\/gyermekeknek.cafeblog.hu\/files\/2013\/03\/1239.jpg\"><img class=\"aligncenter  wp-image-671\" src=\"https:\/\/gyermekeknek.cafeblog.hu\/files\/2013\/03\/1239-300x240.jpg\" alt=\"\" width=\"441\" height=\"358\" \/><\/a><\/p>\r\n<p style=\"text-align: center\"><strong>H\u00fasv\u00e9ti k\u00e9sz\u00fcl\u0151d\u00e9s...<\/strong><\/p>\r\n<p style=\"text-align: center\"><strong>Helena<\/strong><\/p>\r\n<p style=\"text-align: center\">Kiskertemet k\u00f6rbej\u00e1rtam...\r\nduzzad a r\u00fcgy v\u00e9kony \u00e1gban,\r\nmire H\u00fasv\u00e9t bekopogtat,\r\nvid\u00e1m dallal sz\u00f3rakoztat...\r\nsok-sok apr\u00f3 kicsi mad\u00e1r,\r\nf\u00fcty\u00fcli m\u00e1r: tavasz itt j\u00e1r!<\/p>\r\n<p style=\"text-align: center\">Fess\u00fcnk toj\u00e1st\u00a0 locsol\u00f3knak\r\n\u00e9s a kedves vers mond\u00f3knak,\r\nnyuszi b\u00fajik bokor alatt...\r\nlobog f\u00fcle, gyorsan szalad.<\/p>\r\n<p style=\"text-align: center\">F\u00e9szket rak, ha j\u00f3 is volt\u00e1l...\r\nle\u00e1nyk\u00e1khoz sz\u00e9pen sz\u00f3lt\u00e1l,\r\nszagos v\u00edzzel meg\u00f6nt\u00f6zzed,\r\nmeg is l\u00e1tod\u00a0 \u00f6r\u00f6m\u00fcket.<\/p>\r\n<p style=\"text-align: center\">Jutalmad majd megkapod...\r\negy-egy puszit... de j\u00f3 nagyot.\r\nK\u00e9k vir\u00e1got illatosat...\r\nfeld\u00edsz\u00edti kalapodat.<\/p>\r\n<p style=\"text-align: center\"><a href=\"https:\/\/gyermekeknek.cafeblog.hu\/files\/2013\/03\/normal_nyuszi5.jpg\"><img class=\"aligncenter  wp-image-672\" src=\"https:\/\/gyermekeknek.cafeblog.hu\/files\/2013\/03\/normal_nyuszi5-300x225.jpg\" alt=\"\" width=\"235\" height=\"177\" \/><\/a><\/p>","type":"rich"}